{"id":3053,"date":"2016-10-28T12:56:09","date_gmt":"2016-10-28T12:56:09","guid":{"rendered":"http:\/\/gotravel.mikado-themes.com\/?page_id=3053"},"modified":"2022-01-17T16:22:59","modified_gmt":"2022-01-17T19:22:59","slug":"home","status":"publish","type":"page","link":"https:\/\/villacurabrochero.gov.ar\/turista\/","title":{"rendered":"Home"},"content":{"rendered":"<p>[vc_row][vc_column][rev_slider_vc alias=\u00bbmain-home\u00bb][\/vc_column][\/vc_row][vc_row content_aligment=\u00bbcenter\u00bb css=\u00bb.vc_custom_1633874348443{padding-top: 20px !important;padding-bottom: 20px !important;}\u00bb][vc_column][vc_column_text]<\/p>\n<h2>Lo mejor de nuestra Villa Cura Brochero<\/h2>\n<p>[\/vc_column_text]<div class=\"mkdf-elements-holder mkdf-responsive-mode-768\" ><div class=\"mkdf-eh-item mkdf-horizontal-alignment-center\"   data-item-class=\"mkdf-eh-custom-229816\" data-1280-1600=\"21px 26% 0 26%\" data-1024-1280=\"21px 25% 0 25%\" data-768-1024=\"21px 19% 0 19%\" data-600-768=\"21px 7% 0 7%\" data-480-600=\"21px 5% 0 5%\" data-480=\"21px 5% 0 5%\">\n\t<div class=\"mkdf-eh-item-inner\">\n\t\t<div class=\"mkdf-eh-item-content mkdf-eh-custom-229816\" style=\"padding: 21px 32% 0 32%\">\n\t\t\t\n<h6 class=\"mkdf-custom-font-holder\" style=\"color: #0a0a0a\">\nAtractiva, pintoresca, hist\u00f3rica, religiosa y destacado centro tur\u00edstico de C\u00f3rdoba. Ahora es el momento de disfrutarla.<\/h6>\t\t<\/div>\n\t<\/div>\n<\/div><\/div>[vc_row_inner content_width=\u00bbgrid\u00bb css=\u00bb.vc_custom_1633874373930{padding-top: 40px !important;}\u00bb][vc_column_inner css=\u00bb.vc_custom_1479477730160{margin-bottom: -57px !important;}\u00bb]<div class=\"mkdf-carousel-holder clearfix mkdf-carousel-three-rows mkdf-carousel-boxed mkdf-carousel-navigation\"><div class=\"mkdf-carousel \"  data-items=\"3\" data-navigation=\"yes\"><div class=\"mkdf-carousel-item-outer-holder\"><div class=\"mkdf-carousel-item-holder\">\n    <div class=\"mkdf-carousel-item-image\">\n                    <a href=\"https:\/\/villacurabrochero.gov.ar\/turista\/eventos\/\" target=\"_self\">\n                                    <span class=\"mkdf-carousel-first-image-holder  mkdf-image-change\">\n                    <img loading=\"lazy\" decoding=\"async\" width=\"215\" height=\"215\" src=\"https:\/\/villacurabrochero.gov.ar\/turista\/wp-content\/uploads\/2016\/04\/BannerEventosOk.jpg\" class=\"attachment-full size-full\" alt=\"\" srcset=\"https:\/\/villacurabrochero.gov.ar\/turista\/wp-content\/uploads\/2016\/04\/BannerEventosOk.jpg 215w, https:\/\/villacurabrochero.gov.ar\/turista\/wp-content\/uploads\/2016\/04\/BannerEventosOk-150x150.jpg 150w\" sizes=\"auto, (max-width: 215px) 100vw, 215px\" \/>                <\/span>\n                                            <\/a>\n            <\/div>\n            <div class=\"mkdf-carousel-description\">\n            <h5 class=\"mkdf-carousel-title\">Eventos<\/h5>\n            <p class=\"mkdf-carousel-text\"><\/p>\n        <\/div>\n    <\/div><\/div><div class=\"mkdf-carousel-item-outer-holder\"><div class=\"mkdf-carousel-item-holder\">\n    <div class=\"mkdf-carousel-item-image\">\n                    <a href=\"https:\/\/villacurabrochero.gov.ar\/turista\/naturaleza\/\" target=\"_self\">\n                                    <span class=\"mkdf-carousel-first-image-holder  mkdf-image-change\">\n                    <img loading=\"lazy\" decoding=\"async\" width=\"215\" height=\"215\" src=\"https:\/\/villacurabrochero.gov.ar\/turista\/wp-content\/uploads\/2016\/04\/BannerNaturaleza.jpg\" class=\"attachment-full size-full\" alt=\"\" srcset=\"https:\/\/villacurabrochero.gov.ar\/turista\/wp-content\/uploads\/2016\/04\/BannerNaturaleza.jpg 215w, https:\/\/villacurabrochero.gov.ar\/turista\/wp-content\/uploads\/2016\/04\/BannerNaturaleza-150x150.jpg 150w\" sizes=\"auto, (max-width: 215px) 100vw, 215px\" \/>                <\/span>\n                                            <\/a>\n            <\/div>\n            <div class=\"mkdf-carousel-description\">\n            <h5 class=\"mkdf-carousel-title\">Naturaleza<\/h5>\n            <p class=\"mkdf-carousel-text\"><\/p>\n        <\/div>\n    <\/div><\/div><div class=\"mkdf-carousel-item-outer-holder\"><div class=\"mkdf-carousel-item-holder\">\n    <div class=\"mkdf-carousel-item-image\">\n                    <a href=\"https:\/\/villacurabrochero.gov.ar\/turista\/parques-recreativos\" target=\"_self\">\n                                    <span class=\"mkdf-carousel-first-image-holder  mkdf-image-change\">\n                    <img loading=\"lazy\" decoding=\"async\" width=\"215\" height=\"215\" src=\"https:\/\/villacurabrochero.gov.ar\/turista\/wp-content\/uploads\/2016\/04\/BannerRecreacion.jpg\" class=\"attachment-full size-full\" alt=\"\" srcset=\"https:\/\/villacurabrochero.gov.ar\/turista\/wp-content\/uploads\/2016\/04\/BannerRecreacion.jpg 215w, https:\/\/villacurabrochero.gov.ar\/turista\/wp-content\/uploads\/2016\/04\/BannerRecreacion-150x150.jpg 150w\" sizes=\"auto, (max-width: 215px) 100vw, 215px\" \/>                <\/span>\n                                            <\/a>\n            <\/div>\n            <div class=\"mkdf-carousel-description\">\n            <h5 class=\"mkdf-carousel-title\">Recreaci\u00f3n<\/h5>\n            <p class=\"mkdf-carousel-text\"><\/p>\n        <\/div>\n    <\/div><\/div><div class=\"mkdf-carousel-item-outer-holder\"><div class=\"mkdf-carousel-item-holder\">\n    <div class=\"mkdf-carousel-item-image\">\n                    <a href=\"https:\/\/villacurabrochero.gov.ar\/turista\/balnearios\/\" target=\"_self\">\n                                    <span class=\"mkdf-carousel-first-image-holder  mkdf-image-change\">\n                    <img loading=\"lazy\" decoding=\"async\" width=\"215\" height=\"215\" src=\"https:\/\/villacurabrochero.gov.ar\/turista\/wp-content\/uploads\/2016\/04\/BannerBalnearios.jpg\" class=\"attachment-full size-full\" alt=\"\" srcset=\"https:\/\/villacurabrochero.gov.ar\/turista\/wp-content\/uploads\/2016\/04\/BannerBalnearios.jpg 215w, https:\/\/villacurabrochero.gov.ar\/turista\/wp-content\/uploads\/2016\/04\/BannerBalnearios-150x150.jpg 150w\" sizes=\"auto, (max-width: 215px) 100vw, 215px\" \/>                <\/span>\n                                            <\/a>\n            <\/div>\n            <div class=\"mkdf-carousel-description\">\n            <h5 class=\"mkdf-carousel-title\">Balnearios<\/h5>\n            <p class=\"mkdf-carousel-text\"><\/p>\n        <\/div>\n    <\/div><\/div><div class=\"mkdf-carousel-item-outer-holder\"><div class=\"mkdf-carousel-item-holder\">\n    <div class=\"mkdf-carousel-item-image\">\n                    <a href=\"https:\/\/villacurabrochero.gov.ar\/turista\/servicios?type%5B%5D=hosterias\" target=\"_self\">\n                                    <span class=\"mkdf-carousel-first-image-holder  mkdf-image-change\">\n                    <img loading=\"lazy\" decoding=\"async\" width=\"215\" height=\"215\" src=\"https:\/\/villacurabrochero.gov.ar\/turista\/wp-content\/uploads\/2016\/04\/BanerAlojamiento.jpg\" class=\"attachment-full size-full\" alt=\"\" srcset=\"https:\/\/villacurabrochero.gov.ar\/turista\/wp-content\/uploads\/2016\/04\/BanerAlojamiento.jpg 215w, https:\/\/villacurabrochero.gov.ar\/turista\/wp-content\/uploads\/2016\/04\/BanerAlojamiento-150x150.jpg 150w\" sizes=\"auto, (max-width: 215px) 100vw, 215px\" \/>                <\/span>\n                                            <\/a>\n            <\/div>\n            <div class=\"mkdf-carousel-description\">\n            <h5 class=\"mkdf-carousel-title\">Alojamiento<\/h5>\n            <p class=\"mkdf-carousel-text\"><\/p>\n        <\/div>\n    <\/div><\/div><div class=\"mkdf-carousel-item-outer-holder\"><div class=\"mkdf-carousel-item-holder\">\n    <div class=\"mkdf-carousel-item-image\">\n                    <a href=\"https:\/\/villacurabrochero.gov.ar\/turista\/servicios?type%5B%5D=restaurantes\" target=\"_self\">\n                                    <span class=\"mkdf-carousel-first-image-holder  mkdf-image-change\">\n                    <img loading=\"lazy\" decoding=\"async\" width=\"215\" height=\"215\" src=\"https:\/\/villacurabrochero.gov.ar\/turista\/wp-content\/uploads\/2016\/04\/BannerGastronomia.jpg\" class=\"attachment-full size-full\" alt=\"\" srcset=\"https:\/\/villacurabrochero.gov.ar\/turista\/wp-content\/uploads\/2016\/04\/BannerGastronomia.jpg 215w, https:\/\/villacurabrochero.gov.ar\/turista\/wp-content\/uploads\/2016\/04\/BannerGastronomia-150x150.jpg 150w\" sizes=\"auto, (max-width: 215px) 100vw, 215px\" \/>                <\/span>\n                                            <\/a>\n            <\/div>\n            <div class=\"mkdf-carousel-description\">\n            <h5 class=\"mkdf-carousel-title\">Gastronom\u00eda<\/h5>\n            <p class=\"mkdf-carousel-text\"><\/p>\n        <\/div>\n    <\/div><\/div><\/div><\/div>[\/vc_column_inner][\/vc_row_inner][\/vc_column][\/vc_row][vc_row content_width=\u00bbgrid\u00bb css=\u00bb.vc_custom_1633721416621{background-color: #ff981f !important;}\u00bb][vc_column][vc_empty_space height=\u00bb120px\u00bb][vc_row_inner css=\u00bb.vc_custom_1478163819138{margin-right: -36px !important;margin-left: -36px !important;}\u00bb][vc_column_inner css=\u00bb.vc_custom_1633719616823{margin-top: -57px !important;padding-right: 36px !important;padding-left: 36px !important;}\u00bb offset=\u00bbvc_col-lg-12 vc_col-md-12 vc_col-xs-12&#8243;]<div class=\"mkdf-elements-holder mkdf-responsive-mode-768\" ><div class=\"mkdf-eh-item mkdf-horizontal-alignment-center\" style=\"background-image: url(https:\/\/villacurabrochero.gov.ar\/turista\/wp-content\/uploads\/2021\/10\/video-promocional-cura-brochero.jpg)\"  data-item-class=\"mkdf-eh-custom-261353\" data-480=\"0px 10px 0px 10px\">\n\t<div class=\"mkdf-eh-item-inner\">\n\t\t<div class=\"mkdf-eh-item-content mkdf-eh-custom-261353\" style=\"padding: 23% 0% 23% 0%\">\n\t\t\t\n<div class=\"mkdf-video-button mkdf-light \">\n\t<a class=\"mkdf-video-button-play\" href=\"https:\/\/youtu.be\/tKQexCFYxkY\" data-rel=\"prettyPhoto\" style=\"width: 70px;height: 70px;font-size: 70px\">\n\t\t<span class=\"mkdf-video-button-wrapper mkdf-light \">\n\t\t\t<span class=\"arrow_triangle-right_alt\"><\/span>\n\t\t<\/span>\n\t<\/a>\n\t\t\t<h3 class=\"mkdf-video-button-title\">\n\t\t\tMir\u00e1 nuestro video\t\t<\/h3>\n\t<\/div>\t\t<\/div>\n\t<\/div>\n<\/div><\/div>[\/vc_column_inner][\/vc_row_inner][\/vc_column][\/vc_row][vc_row content_aligment=\u00bbcenter\u00bb css=\u00bb.vc_custom_1634475103411{padding-top: 121px !important;padding-bottom: 50px !important;background-color: #f8f8f8 !important;}\u00bb][vc_column][vc_column_text]<\/p>\n<h2>NOVEDADES<\/h2>\n<p>[\/vc_column_text]<div class=\"mkdf-elements-holder mkdf-responsive-mode-768\" ><div class=\"mkdf-eh-item mkdf-horizontal-alignment-center\"   data-item-class=\"mkdf-eh-custom-919811\" data-1280-1600=\"21px 26% 0 26%\" data-1024-1280=\"21px 25% 0 25%\" data-768-1024=\"21px 19% 0 19%\" data-600-768=\"21px 7% 0 7%\" data-480-600=\"21px 5% 0 5%\" data-480=\"21px 5% 0 5%\">\n\t<div class=\"mkdf-eh-item-inner\">\n\t\t<div class=\"mkdf-eh-item-content mkdf-eh-custom-919811\" style=\"padding: 21px 32% 0 32%\">\n\t\t\t\n<h6 class=\"mkdf-custom-font-holder\" style=\"color: #808285\">\n<\/h6>\t\t<\/div>\n\t<\/div>\n<\/div><\/div>[vc_empty_space height=\u00bb30&#8243;][vc_row_inner content_width=\u00bbgrid\u00bb][vc_column_inner]<div class=\"mkdf-blog-list-holder mkdf-three-columns mkdf-grid-type-1 mkdf-blog-list-grid\">\n\t<ul class=\"mkdf-blog-list\">\n\t\t<li class=\"mkdf-blog-list-item clearfix post-6564 post type-post status-publish format-standard has-post-thumbnail hentry category-sin-categoria\">\n\t<div class=\"mkdf-blog-list-item-inner\">\n\t\t\t\t\t<div class=\"mkdf-item-image\">\n\t\t\t\t<a href=\"https:\/\/villacurabrochero.gov.ar\/turista\/11o-peregrinacion-el-camino-de-brochero\/\">\n\t\t\t\t\t\t\t\t\t\t\t<img loading=\"lazy\" decoding=\"async\" src=\"https:\/\/villacurabrochero.gov.ar\/turista\/wp-content\/uploads\/2024\/08\/456517564_900293108802169_6770947639567104131_n-600x480.jpg\" alt=\"\" width=\"600\" height=\"480\" \/>\t\t\t\t\t\t\t\t\t<\/a>\n\t\t\t<\/div>\n\t\t\t\t<div class=\"mkdf-item-text-holder\">\n\t\t\t<h4 class=\"mkdf-item-title\">\n\t\t\t\t<a href=\"https:\/\/villacurabrochero.gov.ar\/turista\/11o-peregrinacion-el-camino-de-brochero\/\">\n\t\t\t\t\t11\u00ba PEREGRINACI\u00d3N \u201cEL CAMINO DE BROCHERO\u201d\t\t\t\t<\/a>\n\t\t\t<\/h4>\n\t\n\t\t\t\t\n\t\t\t<div class=\"mkdf-item-info-section\">\n\t\t\t\t<div class=\"mkdf-post-info-date\">\n            <span>\n            <span class=\"mkdf-post-info-date-icon\">\n                <span aria-hidden=\"true\" class=\"mkdf-icon-font-elegant icon_calendar \" ><\/span>            <\/span>\n            27\/08\/2024        <\/span>\n        <\/div>\t\t\t<\/div>\n\t\t<\/div>\n\t<\/div>\n<\/li><li class=\"mkdf-blog-list-item clearfix post-6561 post type-post status-publish format-standard has-post-thumbnail hentry category-sin-categoria\">\n\t<div class=\"mkdf-blog-list-item-inner\">\n\t\t\t\t\t<div class=\"mkdf-item-image\">\n\t\t\t\t<a href=\"https:\/\/villacurabrochero.gov.ar\/turista\/patronal-nstra-sra-del-transito\/\">\n\t\t\t\t\t\t\t\t\t\t\t<img loading=\"lazy\" decoding=\"async\" src=\"https:\/\/villacurabrochero.gov.ar\/turista\/wp-content\/uploads\/2024\/08\/453731163_886356433529170_1780063145303354552_n-600x480.jpg\" alt=\"\" width=\"600\" height=\"480\" \/>\t\t\t\t\t\t\t\t\t<\/a>\n\t\t\t<\/div>\n\t\t\t\t<div class=\"mkdf-item-text-holder\">\n\t\t\t<h4 class=\"mkdf-item-title\">\n\t\t\t\t<a href=\"https:\/\/villacurabrochero.gov.ar\/turista\/patronal-nstra-sra-del-transito\/\">\n\t\t\t\t\tPATRONAL NSTRA. SRA. DEL TR\u00c1NSITO\t\t\t\t<\/a>\n\t\t\t<\/h4>\n\t\n\t\t\t\t\n\t\t\t<div class=\"mkdf-item-info-section\">\n\t\t\t\t<div class=\"mkdf-post-info-date\">\n            <span>\n            <span class=\"mkdf-post-info-date-icon\">\n                <span aria-hidden=\"true\" class=\"mkdf-icon-font-elegant icon_calendar \" ><\/span>            <\/span>\n            08\/08\/2024        <\/span>\n        <\/div>\t\t\t<\/div>\n\t\t<\/div>\n\t<\/div>\n<\/li><li class=\"mkdf-blog-list-item clearfix post-6558 post type-post status-publish format-standard has-post-thumbnail hentry category-sin-categoria\">\n\t<div class=\"mkdf-blog-list-item-inner\">\n\t\t\t\t\t<div class=\"mkdf-item-image\">\n\t\t\t\t<a href=\"https:\/\/villacurabrochero.gov.ar\/turista\/novena-en-honor-a-nuestra-senora-del-transito\/\">\n\t\t\t\t\t\t\t\t\t\t\t<img loading=\"lazy\" decoding=\"async\" src=\"https:\/\/villacurabrochero.gov.ar\/turista\/wp-content\/uploads\/2024\/08\/453486454_886354550196025_7698499378463303799_n-600x480.jpg\" alt=\"\" width=\"600\" height=\"480\" \/>\t\t\t\t\t\t\t\t\t<\/a>\n\t\t\t<\/div>\n\t\t\t\t<div class=\"mkdf-item-text-holder\">\n\t\t\t<h4 class=\"mkdf-item-title\">\n\t\t\t\t<a href=\"https:\/\/villacurabrochero.gov.ar\/turista\/novena-en-honor-a-nuestra-senora-del-transito\/\">\n\t\t\t\t\tNOVENA EN HONOR A NUESTRA SE\u00d1ORA DEL TR\u00c1NSITO\t\t\t\t<\/a>\n\t\t\t<\/h4>\n\t\n\t\t\t\t\n\t\t\t<div class=\"mkdf-item-info-section\">\n\t\t\t\t<div class=\"mkdf-post-info-date\">\n            <span>\n            <span class=\"mkdf-post-info-date-icon\">\n                <span aria-hidden=\"true\" class=\"mkdf-icon-font-elegant icon_calendar \" ><\/span>            <\/span>\n            08\/08\/2024        <\/span>\n        <\/div>\t\t\t<\/div>\n\t\t<\/div>\n\t<\/div>\n<\/li><li class=\"mkdf-blog-list-item clearfix post-6551 post type-post status-publish format-standard has-post-thumbnail hentry category-sin-categoria\">\n\t<div class=\"mkdf-blog-list-item-inner\">\n\t\t\t\t\t<div class=\"mkdf-item-image\">\n\t\t\t\t<a href=\"https:\/\/villacurabrochero.gov.ar\/turista\/patronal-nuestra-senora-del-transito\/\">\n\t\t\t\t\t\t\t\t\t\t\t<img loading=\"lazy\" decoding=\"async\" src=\"https:\/\/villacurabrochero.gov.ar\/turista\/wp-content\/uploads\/2024\/08\/453508266_885074226990724_4860703427336586895_n-600x480.jpg\" alt=\"\" width=\"600\" height=\"480\" \/>\t\t\t\t\t\t\t\t\t<\/a>\n\t\t\t<\/div>\n\t\t\t\t<div class=\"mkdf-item-text-holder\">\n\t\t\t<h4 class=\"mkdf-item-title\">\n\t\t\t\t<a href=\"https:\/\/villacurabrochero.gov.ar\/turista\/patronal-nuestra-senora-del-transito\/\">\n\t\t\t\t\tPATRONAL NUESTRA SE\u00d1ORA DEL TR\u00c1NSITO\t\t\t\t<\/a>\n\t\t\t<\/h4>\n\t\n\t\t\t\t\n\t\t\t<div class=\"mkdf-item-info-section\">\n\t\t\t\t<div class=\"mkdf-post-info-date\">\n            <span>\n            <span class=\"mkdf-post-info-date-icon\">\n                <span aria-hidden=\"true\" class=\"mkdf-icon-font-elegant icon_calendar \" ><\/span>            <\/span>\n            08\/08\/2024        <\/span>\n        <\/div>\t\t\t<\/div>\n\t\t<\/div>\n\t<\/div>\n<\/li><li class=\"mkdf-blog-list-item clearfix post-6552 post type-post status-publish format-standard has-post-thumbnail hentry category-sin-categoria\">\n\t<div class=\"mkdf-blog-list-item-inner\">\n\t\t\t\t\t<div class=\"mkdf-item-image\">\n\t\t\t\t<a href=\"https:\/\/villacurabrochero.gov.ar\/turista\/1o-peregrinacion-mi-purisima\/\">\n\t\t\t\t\t\t\t\t\t\t\t<img loading=\"lazy\" decoding=\"async\" src=\"https:\/\/villacurabrochero.gov.ar\/turista\/wp-content\/uploads\/2024\/08\/453145389_881977770633703_4316270751027393086_n-600x480.jpg\" alt=\"\" width=\"600\" height=\"480\" \/>\t\t\t\t\t\t\t\t\t<\/a>\n\t\t\t<\/div>\n\t\t\t\t<div class=\"mkdf-item-text-holder\">\n\t\t\t<h4 class=\"mkdf-item-title\">\n\t\t\t\t<a href=\"https:\/\/villacurabrochero.gov.ar\/turista\/1o-peregrinacion-mi-purisima\/\">\n\t\t\t\t\t1\u00ba PEREGRINACI\u00d3N MI PUR\u00cdSIMA\t\t\t\t<\/a>\n\t\t\t<\/h4>\n\t\n\t\t\t\t\n\t\t\t<div class=\"mkdf-item-info-section\">\n\t\t\t\t<div class=\"mkdf-post-info-date\">\n            <span>\n            <span class=\"mkdf-post-info-date-icon\">\n                <span aria-hidden=\"true\" class=\"mkdf-icon-font-elegant icon_calendar \" ><\/span>            <\/span>\n            08\/08\/2024        <\/span>\n        <\/div>\t\t\t<\/div>\n\t\t<\/div>\n\t<\/div>\n<\/li><li class=\"mkdf-blog-list-item clearfix post-6546 post type-post status-publish format-standard has-post-thumbnail hentry category-sin-categoria\">\n\t<div class=\"mkdf-blog-list-item-inner\">\n\t\t\t\t\t<div class=\"mkdf-item-image\">\n\t\t\t\t<a href=\"https:\/\/villacurabrochero.gov.ar\/turista\/rally-bike-cura-brochero-ambul-2024\/\">\n\t\t\t\t\t\t\t\t\t\t\t<img loading=\"lazy\" decoding=\"async\" src=\"https:\/\/villacurabrochero.gov.ar\/turista\/wp-content\/uploads\/2024\/05\/441189926_836335241864623_1320153135046164981_n-600x480.jpg\" alt=\"\" width=\"600\" height=\"480\" \/>\t\t\t\t\t\t\t\t\t<\/a>\n\t\t\t<\/div>\n\t\t\t\t<div class=\"mkdf-item-text-holder\">\n\t\t\t<h4 class=\"mkdf-item-title\">\n\t\t\t\t<a href=\"https:\/\/villacurabrochero.gov.ar\/turista\/rally-bike-cura-brochero-ambul-2024\/\">\n\t\t\t\t\tRALLY BIKE CURA BROCHERO-AMBUL 2024\t\t\t\t<\/a>\n\t\t\t<\/h4>\n\t\n\t\t\t\t\n\t\t\t<div class=\"mkdf-item-info-section\">\n\t\t\t\t<div class=\"mkdf-post-info-date\">\n            <span>\n            <span class=\"mkdf-post-info-date-icon\">\n                <span aria-hidden=\"true\" class=\"mkdf-icon-font-elegant icon_calendar \" ><\/span>            <\/span>\n            16\/05\/2024        <\/span>\n        <\/div>\t\t\t<\/div>\n\t\t<\/div>\n\t<\/div>\n<\/li>\t<\/ul>\n<\/div>\n[\/vc_column_inner][\/vc_row_inner][\/vc_column][\/vc_row][vc_row content_aligment=\u00bbcenter\u00bb css=\u00bb.vc_custom_1634475153736{padding-top: 50px !important;padding-bottom: 100px !important;background-color: #f8f8f8 !important;}\u00bb][vc_column][vc_column_text]<\/p>\n<h2>Villa Cura Brochero en im\u00e1genes<\/h2>\n<p>[\/vc_column_text]<div class=\"mkdf-elements-holder mkdf-responsive-mode-768\" ><div class=\"mkdf-eh-item mkdf-horizontal-alignment-center\"   data-item-class=\"mkdf-eh-custom-783224\" data-1280-1600=\"21px 26% 0 26%\" data-1024-1280=\"21px 25% 0 25%\" data-768-1024=\"21px 19% 0 19%\" data-600-768=\"21px 7% 0 7%\" data-480-600=\"21px 5% 0 5%\" data-480=\"21px 5% 0 5%\">\n\t<div class=\"mkdf-eh-item-inner\">\n\t\t<div class=\"mkdf-eh-item-content mkdf-eh-custom-783224\" style=\"padding: 21px 32% 0 32%\">\n\t\t\t\n<h6 class=\"mkdf-custom-font-holder\" style=\"color: #808285\">\n<\/h6>\t\t<\/div>\n\t<\/div>\n<\/div><\/div>[vc_empty_space height=\u00bb30&#8243;][vc_row_inner content_width=\u00bbgrid\u00bb][vc_column_inner]<div class=\"mkdf-image-gallery\">\n    <div class=\"mkdf-image-gallery-grid mkdf-gallery-columns-5 mkdf-small-space \">\n                    <div class=\"mkdf-gallery-image\">\n                <div class=\"mkdf-hover-holder\">\n                \t\n                                        \t<a class=\"mkdf-gallery-prettyphoto\" href=\"https:\/\/villacurabrochero.gov.ar\/turista\/wp-content\/uploads\/2021\/10\/CB38.jpg\" data-rel=\"prettyPhoto[single_pretty_photo]\" title=\"CB38\">\n                                                                        <img loading=\"lazy\" decoding=\"async\" width=\"150\" height=\"150\" src=\"https:\/\/villacurabrochero.gov.ar\/turista\/wp-content\/uploads\/2021\/10\/CB38-150x150.jpg\" class=\"attachment-thumbnail size-thumbnail\" alt=\"\" \/>                        \t\t\t\t\t\t\t\t\t\t\t<\/a>\n\t\t\t\t\t                <\/div>\n            <\/div>\n                    <div class=\"mkdf-gallery-image\">\n                <div class=\"mkdf-hover-holder\">\n                \t\n                                        \t<a class=\"mkdf-gallery-prettyphoto\" href=\"https:\/\/villacurabrochero.gov.ar\/turista\/wp-content\/uploads\/2021\/10\/CB35.jpg\" data-rel=\"prettyPhoto[single_pretty_photo]\" title=\"CB35\">\n                                                                        <img loading=\"lazy\" decoding=\"async\" width=\"150\" height=\"150\" src=\"https:\/\/villacurabrochero.gov.ar\/turista\/wp-content\/uploads\/2021\/10\/CB35-150x150.jpg\" class=\"attachment-thumbnail size-thumbnail\" alt=\"\" \/>                        \t\t\t\t\t\t\t\t\t\t\t<\/a>\n\t\t\t\t\t                <\/div>\n            <\/div>\n                    <div class=\"mkdf-gallery-image\">\n                <div class=\"mkdf-hover-holder\">\n                \t\n                                        \t<a class=\"mkdf-gallery-prettyphoto\" href=\"https:\/\/villacurabrochero.gov.ar\/turista\/wp-content\/uploads\/2021\/10\/CB34.jpg\" data-rel=\"prettyPhoto[single_pretty_photo]\" title=\"CB34\">\n                                                                        <img loading=\"lazy\" decoding=\"async\" width=\"150\" height=\"150\" src=\"https:\/\/villacurabrochero.gov.ar\/turista\/wp-content\/uploads\/2021\/10\/CB34-150x150.jpg\" class=\"attachment-thumbnail size-thumbnail\" alt=\"\" \/>                        \t\t\t\t\t\t\t\t\t\t\t<\/a>\n\t\t\t\t\t                <\/div>\n            <\/div>\n                    <div class=\"mkdf-gallery-image\">\n                <div class=\"mkdf-hover-holder\">\n                \t\n                                        \t<a class=\"mkdf-gallery-prettyphoto\" href=\"https:\/\/villacurabrochero.gov.ar\/turista\/wp-content\/uploads\/2021\/10\/CB33.jpg\" data-rel=\"prettyPhoto[single_pretty_photo]\" title=\"CB33\">\n                                                                        <img loading=\"lazy\" decoding=\"async\" width=\"150\" height=\"150\" src=\"https:\/\/villacurabrochero.gov.ar\/turista\/wp-content\/uploads\/2021\/10\/CB33-150x150.jpg\" class=\"attachment-thumbnail size-thumbnail\" alt=\"\" \/>                        \t\t\t\t\t\t\t\t\t\t\t<\/a>\n\t\t\t\t\t                <\/div>\n            <\/div>\n                    <div class=\"mkdf-gallery-image\">\n                <div class=\"mkdf-hover-holder\">\n                \t\n                                        \t<a class=\"mkdf-gallery-prettyphoto\" href=\"https:\/\/villacurabrochero.gov.ar\/turista\/wp-content\/uploads\/2021\/10\/CB32.jpg\" data-rel=\"prettyPhoto[single_pretty_photo]\" title=\"CB32\">\n                                                                        <img loading=\"lazy\" decoding=\"async\" width=\"150\" height=\"150\" src=\"https:\/\/villacurabrochero.gov.ar\/turista\/wp-content\/uploads\/2021\/10\/CB32-150x150.jpg\" class=\"attachment-thumbnail size-thumbnail\" alt=\"\" \/>                        \t\t\t\t\t\t\t\t\t\t\t<\/a>\n\t\t\t\t\t                <\/div>\n            <\/div>\n                    <div class=\"mkdf-gallery-image\">\n                <div class=\"mkdf-hover-holder\">\n                \t\n                                        \t<a class=\"mkdf-gallery-prettyphoto\" href=\"https:\/\/villacurabrochero.gov.ar\/turista\/wp-content\/uploads\/2021\/10\/CB30.jpg\" data-rel=\"prettyPhoto[single_pretty_photo]\" title=\"CB30\">\n                                                                        <img loading=\"lazy\" decoding=\"async\" width=\"150\" height=\"150\" src=\"https:\/\/villacurabrochero.gov.ar\/turista\/wp-content\/uploads\/2021\/10\/CB30-150x150.jpg\" class=\"attachment-thumbnail size-thumbnail\" alt=\"\" \/>                        \t\t\t\t\t\t\t\t\t\t\t<\/a>\n\t\t\t\t\t                <\/div>\n            <\/div>\n                    <div class=\"mkdf-gallery-image\">\n                <div class=\"mkdf-hover-holder\">\n                \t\n                                        \t<a class=\"mkdf-gallery-prettyphoto\" href=\"https:\/\/villacurabrochero.gov.ar\/turista\/wp-content\/uploads\/2021\/10\/CB29.jpg\" data-rel=\"prettyPhoto[single_pretty_photo]\" title=\"CB29\">\n                                                                        <img loading=\"lazy\" decoding=\"async\" width=\"150\" height=\"150\" src=\"https:\/\/villacurabrochero.gov.ar\/turista\/wp-content\/uploads\/2021\/10\/CB29-150x150.jpg\" class=\"attachment-thumbnail size-thumbnail\" alt=\"\" \/>                        \t\t\t\t\t\t\t\t\t\t\t<\/a>\n\t\t\t\t\t                <\/div>\n            <\/div>\n                    <div class=\"mkdf-gallery-image\">\n                <div class=\"mkdf-hover-holder\">\n                \t\n                                        \t<a class=\"mkdf-gallery-prettyphoto\" href=\"https:\/\/villacurabrochero.gov.ar\/turista\/wp-content\/uploads\/2021\/10\/CB26.jpg\" data-rel=\"prettyPhoto[single_pretty_photo]\" title=\"CB26\">\n                                                                        <img loading=\"lazy\" decoding=\"async\" width=\"150\" height=\"150\" src=\"https:\/\/villacurabrochero.gov.ar\/turista\/wp-content\/uploads\/2021\/10\/CB26-150x150.jpg\" class=\"attachment-thumbnail size-thumbnail\" alt=\"\" \/>                        \t\t\t\t\t\t\t\t\t\t\t<\/a>\n\t\t\t\t\t                <\/div>\n            <\/div>\n                    <div class=\"mkdf-gallery-image\">\n                <div class=\"mkdf-hover-holder\">\n                \t\n                                        \t<a class=\"mkdf-gallery-prettyphoto\" href=\"https:\/\/villacurabrochero.gov.ar\/turista\/wp-content\/uploads\/2021\/10\/CB25.jpg\" data-rel=\"prettyPhoto[single_pretty_photo]\" title=\"CB25\">\n                                                                        <img loading=\"lazy\" decoding=\"async\" width=\"150\" height=\"150\" src=\"https:\/\/villacurabrochero.gov.ar\/turista\/wp-content\/uploads\/2021\/10\/CB25-150x150.jpg\" class=\"attachment-thumbnail size-thumbnail\" alt=\"\" \/>                        \t\t\t\t\t\t\t\t\t\t\t<\/a>\n\t\t\t\t\t                <\/div>\n            <\/div>\n                    <div class=\"mkdf-gallery-image\">\n                <div class=\"mkdf-hover-holder\">\n                \t\n                                        \t<a class=\"mkdf-gallery-prettyphoto\" href=\"https:\/\/villacurabrochero.gov.ar\/turista\/wp-content\/uploads\/2021\/10\/CB22.jpg\" data-rel=\"prettyPhoto[single_pretty_photo]\" title=\"CB22\">\n                                                                        <img loading=\"lazy\" decoding=\"async\" width=\"150\" height=\"150\" src=\"https:\/\/villacurabrochero.gov.ar\/turista\/wp-content\/uploads\/2021\/10\/CB22-150x150.jpg\" class=\"attachment-thumbnail size-thumbnail\" alt=\"\" \/>                        \t\t\t\t\t\t\t\t\t\t\t<\/a>\n\t\t\t\t\t                <\/div>\n            <\/div>\n                    <div class=\"mkdf-gallery-image\">\n                <div class=\"mkdf-hover-holder\">\n                \t\n                                        \t<a class=\"mkdf-gallery-prettyphoto\" href=\"https:\/\/villacurabrochero.gov.ar\/turista\/wp-content\/uploads\/2021\/10\/CB21.jpg\" data-rel=\"prettyPhoto[single_pretty_photo]\" title=\"CB21\">\n                                                                        <img loading=\"lazy\" decoding=\"async\" width=\"150\" height=\"150\" src=\"https:\/\/villacurabrochero.gov.ar\/turista\/wp-content\/uploads\/2021\/10\/CB21-150x150.jpg\" class=\"attachment-thumbnail size-thumbnail\" alt=\"\" \/>                        \t\t\t\t\t\t\t\t\t\t\t<\/a>\n\t\t\t\t\t                <\/div>\n            <\/div>\n                    <div class=\"mkdf-gallery-image\">\n                <div class=\"mkdf-hover-holder\">\n                \t\n                                        \t<a class=\"mkdf-gallery-prettyphoto\" href=\"https:\/\/villacurabrochero.gov.ar\/turista\/wp-content\/uploads\/2021\/10\/CB14.jpg\" data-rel=\"prettyPhoto[single_pretty_photo]\" title=\"CB14\">\n                                                                        <img loading=\"lazy\" decoding=\"async\" width=\"150\" height=\"150\" src=\"https:\/\/villacurabrochero.gov.ar\/turista\/wp-content\/uploads\/2021\/10\/CB14-150x150.jpg\" class=\"attachment-thumbnail size-thumbnail\" alt=\"\" \/>                        \t\t\t\t\t\t\t\t\t\t\t<\/a>\n\t\t\t\t\t                <\/div>\n            <\/div>\n                    <div class=\"mkdf-gallery-image\">\n                <div class=\"mkdf-hover-holder\">\n                \t\n                                        \t<a class=\"mkdf-gallery-prettyphoto\" href=\"https:\/\/villacurabrochero.gov.ar\/turista\/wp-content\/uploads\/2021\/10\/CB19.jpg\" data-rel=\"prettyPhoto[single_pretty_photo]\" title=\"CB19\">\n                                                                        <img loading=\"lazy\" decoding=\"async\" width=\"150\" height=\"150\" src=\"https:\/\/villacurabrochero.gov.ar\/turista\/wp-content\/uploads\/2021\/10\/CB19-150x150.jpg\" class=\"attachment-thumbnail size-thumbnail\" alt=\"\" \/>                        \t\t\t\t\t\t\t\t\t\t\t<\/a>\n\t\t\t\t\t                <\/div>\n            <\/div>\n                    <div class=\"mkdf-gallery-image\">\n                <div class=\"mkdf-hover-holder\">\n                \t\n                                        \t<a class=\"mkdf-gallery-prettyphoto\" href=\"https:\/\/villacurabrochero.gov.ar\/turista\/wp-content\/uploads\/2021\/10\/CB18.jpg\" data-rel=\"prettyPhoto[single_pretty_photo]\" title=\"CB18\">\n                                                                        <img loading=\"lazy\" decoding=\"async\" width=\"150\" height=\"150\" src=\"https:\/\/villacurabrochero.gov.ar\/turista\/wp-content\/uploads\/2021\/10\/CB18-150x150.jpg\" class=\"attachment-thumbnail size-thumbnail\" alt=\"\" \/>                        \t\t\t\t\t\t\t\t\t\t\t<\/a>\n\t\t\t\t\t                <\/div>\n            <\/div>\n                    <div class=\"mkdf-gallery-image\">\n                <div class=\"mkdf-hover-holder\">\n                \t\n                                        \t<a class=\"mkdf-gallery-prettyphoto\" href=\"https:\/\/villacurabrochero.gov.ar\/turista\/wp-content\/uploads\/2021\/10\/CB31.jpg\" data-rel=\"prettyPhoto[single_pretty_photo]\" title=\"CB31\">\n                                                                        <img loading=\"lazy\" decoding=\"async\" width=\"150\" height=\"150\" src=\"https:\/\/villacurabrochero.gov.ar\/turista\/wp-content\/uploads\/2021\/10\/CB31-150x150.jpg\" class=\"attachment-thumbnail size-thumbnail\" alt=\"\" \/>                        \t\t\t\t\t\t\t\t\t\t\t<\/a>\n\t\t\t\t\t                <\/div>\n            <\/div>\n            <\/div>\n<\/div>[\/vc_column_inner][\/vc_row_inner][\/vc_column][\/vc_row][vc_row css=\u00bb.vc_custom_1633721428398{background-color: #ff981f !important;}\u00bb][vc_column][vc_column_text css=\u00bb.vc_custom_1635383937825{padding-top: 20px !important;padding-bottom: 20px !important;}\u00bb]<\/p>\n<div class=\"mkdf-container-inner\">\n<h4><span style=\"color: #ffffff;\">Aire puro, sol radiante, fresco amanecer y c\u00e1lido atardecer, lluvia y nieve ocasionales. Villa Cura Brochero, todo el a\u00f1o.<\/span><\/h4>\n<\/div>\n<p>[\/vc_column_text][\/vc_column][\/vc_row]<\/p>\n","protected":false},"excerpt":{"rendered":"<p>[vc_row][vc_column][rev_slider_vc alias=\u00bbmain-home\u00bb][\/vc_column][\/vc_row][vc_row content_aligment=\u00bbcenter\u00bb css=\u00bb.vc_custom_1633874348443{padding-top: 20px !important;padding-bottom: 20px !important;}\u00bb][vc_column][vc_column_text] Lo mejor de nuestra Villa Cura Brochero [\/vc_column_text][vc_row_inner content_width=\u00bbgrid\u00bb css=\u00bb.vc_custom_1633874373930{padding-top: 40px !important;}\u00bb][vc_column_inner css=\u00bb.vc_custom_1479477730160{margin-bottom: -57px !important;}\u00bb][\/vc_column_inner][\/vc_row_inner][\/vc_column][\/vc_row][vc_row content_width=\u00bbgrid\u00bb css=\u00bb.vc_custom_1633721416621{background-color: #ff981f !important;}\u00bb][vc_column][vc_empty_space height=\u00bb120px\u00bb][vc_row_inner css=\u00bb.vc_custom_1478163819138{margin-right: -36px !important;margin-left: -36px !important;}\u00bb][vc_column_inner css=\u00bb.vc_custom_1633719616823{margin-top: -57px !important;padding-right: 36px !important;padding-left: 36px !important;}\u00bb offset=\u00bbvc_col-lg-12 vc_col-md-12 vc_col-xs-12&#8243;][\/vc_column_inner][\/vc_row_inner][\/vc_column][\/vc_row][vc_row content_aligment=\u00bbcenter\u00bb css=\u00bb.vc_custom_1634475103411{padding-top: 121px !important;padding-bottom: 50px !important;background-color: #f8f8f8 !important;}\u00bb][vc_column][vc_column_text] NOVEDADES [\/vc_column_text][vc_empty_space height=\u00bb30&#8243;][vc_row_inner content_width=\u00bbgrid\u00bb][vc_column_inner][\/vc_column_inner][\/vc_row_inner][\/vc_column][\/vc_row][vc_row content_aligment=\u00bbcenter\u00bb css=\u00bb.vc_custom_1634475153736{padding-top: 50px !important;padding-bottom: 100px !important;background-color: #f8f8f8 !important;}\u00bb][vc_column][vc_column_text] Villa Cura Brochero en im\u00e1genes [\/vc_column_text][vc_empty_space height=\u00bb30&#8243;][vc_row_inner content_width=\u00bbgrid\u00bb][vc_column_inner][\/vc_column_inner][\/vc_row_inner][\/vc_column][\/vc_row][vc_row css=\u00bb.vc_custom_1633721428398{background-color: #ff981f !important;}\u00bb][vc_column][vc_column_text css=\u00bb.vc_custom_1635383937825{padding-top: 20px !important;padding-bottom: 20px !important;}\u00bb] Aire puro, sol radiante, fresco amanecer y c\u00e1lido atardecer, lluvia y [&hellip;]<\/p>\n","protected":false},"author":1,"featured_media":0,"parent":0,"menu_order":0,"comment_status":"closed","ping_status":"closed","template":"full-width.php","meta":{"footnotes":""},"class_list":["post-3053","page","type-page","status-publish","hentry"],"_links":{"self":[{"href":"https:\/\/villacurabrochero.gov.ar\/turista\/wp-json\/wp\/v2\/pages\/3053","targetHints":{"allow":["GET"]}}],"collection":[{"href":"https:\/\/villacurabrochero.gov.ar\/turista\/wp-json\/wp\/v2\/pages"}],"about":[{"href":"https:\/\/villacurabrochero.gov.ar\/turista\/wp-json\/wp\/v2\/types\/page"}],"author":[{"embeddable":true,"href":"https:\/\/villacurabrochero.gov.ar\/turista\/wp-json\/wp\/v2\/users\/1"}],"replies":[{"embeddable":true,"href":"https:\/\/villacurabrochero.gov.ar\/turista\/wp-json\/wp\/v2\/comments?post=3053"}],"version-history":[{"count":46,"href":"https:\/\/villacurabrochero.gov.ar\/turista\/wp-json\/wp\/v2\/pages\/3053\/revisions"}],"predecessor-version":[{"id":6042,"href":"https:\/\/villacurabrochero.gov.ar\/turista\/wp-json\/wp\/v2\/pages\/3053\/revisions\/6042"}],"wp:attachment":[{"href":"https:\/\/villacurabrochero.gov.ar\/turista\/wp-json\/wp\/v2\/media?parent=3053"}],"curies":[{"name":"wp","href":"https:\/\/api.w.org\/{rel}","templated":true}]}}