{"id":5018,"date":"2021-10-08T12:09:10","date_gmt":"2021-10-08T15:09:10","guid":{"rendered":"https:\/\/villacurabrochero.gov.ar\/turista\/?page_id=5018"},"modified":"2022-06-26T08:57:15","modified_gmt":"2022-06-26T11:57:15","slug":"parque-tematico","status":"publish","type":"page","link":"https:\/\/villacurabrochero.gov.ar\/turista\/parque-tematico\/","title":{"rendered":"Parque Tem\u00e1tico Brochero Santo"},"content":{"rendered":"\n<p><br><strong>Predio La Providencia &#8211; Bv. Pechu\u00e1n Mar\u00edn<\/strong><br><strong>Horarios de visita:<\/strong><br>La visita se realiza con gu\u00eda del parque.<br><strong>Tel:<\/strong><\/p>\n\n\n\n<p>El parque de casi dos hect\u00e1reas de extensi\u00f3n, representa la figura de un denario recostado sobre el suelo transerrano.<br>La cruz formada por los senderos principales de adoquines, tiene una extensi\u00f3n de 100 metros. En el centro, se encuentra un inmenso pilar con la imagen del Santo.<br><br>Cada uno de las cuentas del denario funciona como una estaci\u00f3n cerrada, de 80 metros cuadrado donde se vivencia los principales momentos de la vida, obra y milagros del santo argentino.<\/p>\n\n\n\n<p><br>Para la composici\u00f3n de estas estaciones, se dise\u00f1aron y construyeron m\u00e1s de 70 esculturas de tama\u00f1o real de los personajes hist\u00f3ricos, a lo cual se sum\u00f3 mobiliarios de \u00e9poca; gran n\u00famero de elementos, decorativos y una iluminaci\u00f3n escenogr\u00e1fica que permite al visitante trasladarse en el tiempo y disfrutar de una experiencia \u00fanica.<br><br>Las esculturas fueron confeccionadas por el artista Fernando Pugliese, quien trabajo con la t\u00e9cnica de \u201cHIPERREALISMO\u201d, en resina epoxi y fibra de vidrio, creador del Parque Tem\u00e1tico \u201cTierra Santa \u201cen Buenos Aires.<br><\/p>\n\n\n\n<p>El dise\u00f1o arquitect\u00f3nico de las estaciones estuvo inspirado en la forma del nido del Hornero, permitiendo el ingreso por un pasillo curvo que impide el acceso de la luz exterior, garantizando as\u00ed un clima \u00edntimo, acompa\u00f1ado por m\u00fasica original y videos explicativos.<br><br>El recorrido propuesto invita a caminar por amplios senderos, que vinculan una estaci\u00f3n con otra, formando un cord\u00f3n de 440 metros lineales, acompa\u00f1ado por un parquizado \u00fanico en la regi\u00f3n.<br><br>El dise\u00f1o del parquizado estuvo inspirado en la Biograf\u00eda del Santo Brochero, buscando generar diferentes ambientes invitando a la contemplaci\u00f3n de la naturaleza y sus ciclos e introspecci\u00f3n.<br><br>Un inmenso cantero de 11 metros de ancho por 130 metros de largo atraviesa todo el terreno con plantas de tonos c\u00e1lidos, alguno de gran porte y otros que evocan a las cortaderas y paja brava que crece en la sierra.<br><br>El Parque Tem\u00e1tico Brochero Santo cuenta adem\u00e1s con un espacio de ingreso y boleter\u00eda, ba\u00f1os accesibles, luminarias LED en todos los senderos y un sistema de carteler\u00eda indicativa e interpretativa que aportan contenido durante el paseo, enriqueciendo la vista.<br><br>Todas las estaciones poseen aire acondicionado frio\/calor, pantallas LED de 43\u2019 y sistema de sonido e iluminaci\u00f3n de primera calidad.<br><br>El Parque Tem\u00e1tico Brochero Santo es un nuevo icono del turismo religioso, \u00fanico en la provincia y Argentina, una obra ejecutada \u00edntegramente por el gobierno de la provincia de C\u00f3rdoba, que propone un recorrido inspirado en la vida, obra y milagro del Primer Santo Argentino \u201cJos\u00e9 Gabriel del Rosario Brochero\u201d.<br><\/p>\n\n\n\n<p>.<\/p>\n\n\n\n<figure class=\"wp-block-image size-full is-resized\"><img loading=\"lazy\" decoding=\"async\" src=\"https:\/\/villacurabrochero.gov.ar\/turista\/wp-content\/uploads\/2021\/10\/ParqueGral.jpg\" alt=\"\" class=\"wp-image-5463\" width=\"1000\" height=\"553\"\/><\/figure>\n\n\n\n<h2 class=\"wp-block-heading\"> Datos t\u00e9cnicos<\/h2>\n\n\n\n<p><br>Con una extensi\u00f3n de 1,6 hect\u00e1reas cercadas con rejas al frente y cerramiento perimetral, el Parque Tem\u00e1tico posee 13 representaciones realistas de diferentes momentos de la vida del Padre Brochero, 45 personajes en escenas, 15 animales y 200 elementos entre mobiliario y objetos de estilo antiguo. <br><br>El Denario est\u00e1 formado por un cord\u00f3n con diez cuentas y una cruz. Un instrumento dise\u00f1ado para rezar durante todo el d\u00eda, padres nuestros, avemar\u00edas, misterios, credos, Glorias, \u00c1ngelus, Jaculatorias, y hasta alg\u00fan Salve Reina se deben repetirse de memoria, mientras se avanzan una a una las cuentas de este cord\u00f3n hasta terminar el c\u00edrculo.<br><br>El recorrido se realizar\u00e1 en grupo de hasta 25 personas acompa\u00f1ado con un gu\u00eda del Parque Tem\u00e1tico capacitado especialmente para esta actividad; durante el recorrido el visitante disfrutara de una obra art\u00edstica de luz y sonido, por lo que es fundamental que antes de ingresar se silencien los tel\u00e9fonos celulares y dispositivos m\u00f3viles, queda prohibido adem\u00e1s el uso de flash, podr\u00e1n sacar fotos con la luz ambiental de cada estaci\u00f3n. El tiempo total del recorrido es de 60 minutos aproximados.<br><br>Cada grupo por peque\u00f1o que sea deba ir acompa\u00f1ado por un gu\u00eda, no se permite el ingreso a las estaciones de personas solas.<br><br>La estaci\u00f3n N\u00b011 donde se encuentra la imagen del Santo Cura Brochero y su silla, es para uso est\u00e9tico de los visitantes y donde podr\u00e1n tomar sus fotos. Al igual que la estaci\u00f3n externa circular N\u00b012, donde se encuentra el Cura Gaucho y el Papa Francisco y sus ovejas, con la escena de entrega de la r\u00e9plica exacta de la campana que envi\u00f3 el Papa Francisco para la beatificaci\u00f3n del Cura Gaucho, en septiembre del 2013, y que se encuentra instalada la original de bronce y cobre en el Campanario del Santuario de la Providencia.<br><br>En esta escena se proporciona un encuentro ficticio entre ellos, recreando una reproducci\u00f3n de la campana donada por el Papa en saludo a la beatificaci\u00f3n del Cura Gaucho. \u201cQue (\u2026) este entre los beatos es una alegr\u00eda y una bendici\u00f3n muy grande para los argentinos y devotos de este pastor con olor a oveja, que se hizo pobre entre los pobres, que lucho siempre por estar cerca de Dios y haciendo tanto bien como caricia de Dios a nuestro pueblo sufrido\u201d. Estas fueron las palabras del sumo pont\u00edfice al momento de la beatificaci\u00f3n.<br><\/p>\n\n\n\n<p>.<\/p>\n\n\n\n<h2 class=\"wp-block-heading\"> Estaciones del Parque Tem\u00e1tico Brochero Santo <\/h2>\n\n\n\n<p><strong>Estaci\u00f3n 1: Nacimiento y Bautismo.<\/strong><br><br>Jos\u00e9 Gabriel del rosario naci\u00f3 el 16 de marzo 1840 en una casa de techos altos y geranios en las ventanas de los cuartos. Hijo de Vicente Ignacio Brochero y de Petrona D\u00e1vila, vivi\u00f3 all\u00ed junto a sus hermanos mayores, Ram\u00f3n y Leona, en un ambiente de austeridad y sacrificio. Pr\u00f3ximo al hogar se encontraba la peque\u00f1a iglesia Parroquial; de una sola nave, alero al norte y techo cubierta de tejas, donde fue bautizado al d\u00eda siguiente. Su nombre fue cuidadosamente elegido: Jos\u00e9 por el esposo de la Sant\u00edsima Virgen, cuya conmemoraci\u00f3n se celebra en esa fecha, adem\u00e1s de ser encomendado a la protecci\u00f3n de la Virgen del Rosario y el Arc\u00e1ngel Gabriel.<\/p>\n\n\n\n<p>.<\/p>\n\n\n\n<p><strong>Estaci\u00f3n 2: Despedida<\/strong><br><br>El 5 de marzo de 1856, pr\u00f3ximo a cumplir 16 a\u00f1os, Jos\u00e9 Gabriel Brochero ingreso al Colegio Seminario de Nuestra Se\u00f1ora de Loreto con el objetivo de prepararse para el sacerdocio. A la hora de tomar la decisi\u00f3n, la figura de su madre, Petrona D\u00e1vila, fue determinante. Cuando el joven se despidi\u00f3, ella le dijo: \u201cDios cuenta contigo para construir nuestra Patria; no la defraudes. El camino que te espera es doloroso, pero Jes\u00fas lo recorri\u00f3 primero. No est\u00e1s solo; La Pur\u00edsima ser\u00e1 tu madre y la mejor compa\u00f1era\u201d. El 4 de noviembre de 1856 fue ordenado Sacerdote y el 10 de diciembre; dio su primera misa. Desde aquel momento se entreg\u00f3 incansablemente como gu\u00eda, Padre y Pastor.<\/p>\n\n\n\n<p>.<\/p>\n\n\n\n<p><strong>Estaci\u00f3n 3: Su Labor por el Pueblo<\/strong><\/p>\n\n\n\n<figure class=\"wp-block-image size-full\"><img loading=\"lazy\" decoding=\"async\" width=\"1000\" height=\"553\" src=\"https:\/\/villacurabrochero.gov.ar\/turista\/wp-content\/uploads\/2021\/10\/ParqueEstacionA.jpg\" alt=\"\" class=\"wp-image-5460\"\/><\/figure>\n\n\n\n<p>La zona del oeste cordob\u00e9s donde Jos\u00e9 Gabriel Brochero desarrollo su labor abarcaba centenares de leguas. All\u00ed estaban los murallones de las Sierras Grandes, dispuestos a que nadie quebrantara el silencio de sus cumbres. En 1875, con la ayuda de los feligreses, comenz\u00f3 a construir la Casa de Ejercicio de la entonces Villa del Transito; localidad que hoy lleva su nombre. Inaugurada en 1877, pasaron por all\u00ed numerosos grupos de fieles. Durante el ministerio parroquial albergo a m\u00e1s de 40.000 personas. A esta se sumaron la casa para las religiosas, la residencia para los sacerdotes y el colegio de ni\u00f1as. Tambi\u00e9n construyo m\u00e1s de 200 km de camino y numerosas Iglesias.<\/p>\n\n\n\n<p>.<\/p>\n\n\n\n<p>E<strong>staci\u00f3n 4: Su entrega a los m\u00e1s pobres<\/strong><br><br>Jos\u00e9 Gabriel Brochero estaba al servicio de todos, pero se entregaba de manera particular a los pobres y m\u00e1s d\u00e9biles. Sab\u00eda que all\u00ed se muestra la belleza del tesoro del Reino. Una persona cercana expreso: \u201cVivi\u00f3 su sacerdocio siembre alegre y gozoso. Reuni\u00f3 a los hombres, aun a los m\u00e1s ignorantes, los cuales despu\u00e9s comentaba alguno llorando, que hab\u00edan comprendido como deb\u00edan vivir para agradar a Dios\u201d. Fue un hombre libre a la hora de buscar la cooperaci\u00f3n de todos aquellos que quisieran darle una mano en sus proyectos, lo cual acarreo m\u00e1s de una murmuraci\u00f3n y critica de parte de sus hermanos y vecinos.<\/p>\n\n\n\n<p>.<\/p>\n\n\n\n<p>E<strong>staci\u00f3n 5: Encuentro con Santo Guayama<\/strong><br><br>\u201cConocedor yo de la gran fama de Guayama, fui a los llanos de la Rioja a pedir limosna para la Casa de Ejercicio y para el colegio, y tambi\u00e9n a tener una conferencia con \u00e9l. Despu\u00e9s del saludo le hice la siguiente propuesta: que se comprometa a entrar a Ejercicios Espirituales en la casa del Transito con 300 de sus amigos, d\u00e1ndoles yo todo lo que necesitaban para volver a sus casas. Y con autorizaci\u00f3n de la Sra. Clementina de Gui\u00f1az\u00fa de Amen\u00e1bar envi\u00f3 un telegrama pidiendo a su esposo que influyera con las autoridades de San Juan para que no le quitasen la vida de Guayama. A los 5 d\u00edas vi en un diario, con profundo dolor en el alma, que hab\u00eda sido fusilado en la c\u00e1rcel p\u00fablica\u201d.<\/p>\n\n\n\n<p>.<\/p>\n\n\n\n<p><strong>Estaci\u00f3n 6: Predicando en la Capilla<\/strong><\/p>\n\n\n\n<figure class=\"wp-block-image size-full\"><img loading=\"lazy\" decoding=\"async\" width=\"1000\" height=\"553\" src=\"https:\/\/villacurabrochero.gov.ar\/turista\/wp-content\/uploads\/2021\/10\/ParqueEstacionC.jpg\" alt=\"\" class=\"wp-image-5462\"\/><\/figure>\n\n\n\n<p>Un rasgo caracter\u00edstico de la vida sacerdotal de Jos\u00e9 Gabriel Brochero fue la presentaci\u00f3n del evangelio mediante un lenguaje cercano y comprensible. Se ocup\u00f3 de iluminar la vida de los fieles a trav\u00e9s de la palabra de Dios, no de manera abstracta sino aplicada a las situaciones cotidianas. \u201cLo que quiero contarle es el texto con el que romp\u00ed en las primeras misiones. Este fue una vaca negra que estaba viendo todos los oyentes. Dije que, as\u00ed como esa vaca estaba con la se\u00f1al y marca del ingenio llamado la trinidad, as\u00ed estamos se\u00f1alados y marcados por Dios todos los cristianos. Pero que Dios no marcaba en la pierna, ni en las paletas, ni en las costillas sino en el alma\u201d.<\/p>\n\n\n\n<p>.<\/p>\n\n\n\n<p><strong>Estaci\u00f3n 7: Ejercicio Espiritual en la C\u00e1rcel<\/strong><br><br>Convencido que los Ejercicios Espiritual de San Ignacio de Loyola eran un medio, para llevar a los fieles a Dios, se convirti\u00f3 en su gran propulsor. A la casa de ejercicio llegaron tandas de hasta 800 participantes. Predico tambi\u00e9n estos \u201cBa\u00f1os del Alma\u201d en distintos lugares del pa\u00eds, como Santiago del Estero y Tucum\u00e1n, y junto a los presos de la Penitenciaria de C\u00f3rdoba. Jos\u00e9 Gabriel Brochero entendi\u00f3 su misi\u00f3n de manera amplia, integral, sin limitarse a lo sacramental, alcanzo horizontes que sorprenden por su audacia. Paso su tiempo haciendo el bien y sanando a los que estaban oprimidos, dejando en las personas la fragancia de Cristo.<\/p>\n\n\n\n<p>.<\/p>\n\n\n\n<p><strong>Estaci\u00f3n 8: Mate junto a Los Enfermos<\/strong><br><br>Los gestos sacerdotales de Jos\u00e9 Gabriel Brochero proced\u00edan del amor hacia aquellos necesitados de Paz, de perd\u00f3n, de justicia y verdad. Todos aquellos que reclamaban su presencia sacerdotal hallaron en el a un ministro de Dios, siempre dispuesto a acompa\u00f1arlos. Visitando a quienes padec\u00edan lepra en la zona contrajo esta enfermedad, que soporto durante sus \u00faltimos a\u00f1os como m\u00e1rtir de la caridad. Alguien cercano conto que hab\u00eda en la parroquia un leproso al que nadie quer\u00eda acercarse. Pero Brochero le llevo comida, lo aseo, tomo mate con \u00e9l. Incluso la propia familia le pidi\u00f3 que no fuera, pero el cura respondi\u00f3: \u201c\u00bfEs que el alma de ese pobre hombre no vale nada?\u201d.<\/p>\n\n\n\n<p>.<\/p>\n\n\n\n<p><strong>Estaci\u00f3n 9: Carta a su Amigo Obispo Ya\u00f1iz<\/strong><br><br>Tres meses antes de su muerte, Jos\u00e9 Gabriel Brochero escribi\u00f3 su \u00faltima carta despidi\u00e9ndose de su compa\u00f1ero de ordenaci\u00f3n, el Obispo de Santiago del Estero, Ya\u00f1iz Martin: \u201cRecordaras que yo sab\u00eda decir que iba a ser tan en\u00e9rgico siempre, pero jam\u00e1s tuve presente que Dios es quien vivifica y mortifica, quien da las energ\u00edas f\u00edsicas y morales y quien las quita: pues bien, estoy ciego, apenas distingo la luz del d\u00eda y no puedo verme ni mis mano, a m\u00e1s estoy casi sin tacto desde los codos hasta la punta de los dedos y de las rodillas hasta los pies, y as\u00ed otra persona me tiene que vestir; la misa la digo de memoria. Pero es un grand\u00edsimo favor el que me ha hecho Nuestro Se\u00f1or en desocuparme de la vida activa y dejarme con la vida pasiva, me da la ocupaci\u00f3n de buscar mi \u00faltimo fin y de orar por los hombres pasado, por los presentes y por los que han de venir\u201d.<\/p>\n\n\n\n<p>.<\/p>\n\n\n\n<p><strong>Estaci\u00f3n 10: Milagros, Beatificaci\u00f3n y Canonizaci\u00f3n<\/strong><\/p>\n\n\n\n<figure class=\"wp-block-image size-full\"><img loading=\"lazy\" decoding=\"async\" width=\"1000\" height=\"553\" src=\"https:\/\/villacurabrochero.gov.ar\/turista\/wp-content\/uploads\/2021\/09\/NoticiaAnivCanonizac.jpg\" alt=\"\" class=\"wp-image-5073\" srcset=\"https:\/\/villacurabrochero.gov.ar\/turista\/wp-content\/uploads\/2021\/09\/NoticiaAnivCanonizac.jpg 1000w, https:\/\/villacurabrochero.gov.ar\/turista\/wp-content\/uploads\/2021\/09\/NoticiaAnivCanonizac-300x166.jpg 300w, https:\/\/villacurabrochero.gov.ar\/turista\/wp-content\/uploads\/2021\/09\/NoticiaAnivCanonizac-768x425.jpg 768w\" sizes=\"auto, (max-width: 1000px) 100vw, 1000px\" \/><\/figure>\n\n\n\n<p><br>Jes\u00fas les dijo: \u201cDejen a los ni\u00f1os, y no les impidan que vengan a m\u00ed, porque el Reino de los Cielos pertenecen a los que son como ellos\u201d. Fiel al pedido, Jos\u00e9 Gabriel Brochero intercedi\u00f3 salvando a dos menores: Nicol\u00e1s y Camila. La atribuci\u00f3n de los milagros logr\u00f3 que el Cura Gaucho alcanzara su beatificaci\u00f3n y canonizaci\u00f3n. El 14 de septiembre del 2013 fue beatificado en Villa Cura Brochero por el primer milagro otorgando a su mediaci\u00f3n. El 16 de octubre del 2016 el Papa Francisco reconoci\u00f3 y atribuyo su presencia en un segundo milagro, por el que fue canonizado y proclamado Santo para toda la Iglesia Cat\u00f3lica, en la misa oficiada en Roma y presidida por el Sumo Pont\u00edfice.<\/p>\n\n\n\n<p><\/p>\n","protected":false},"excerpt":{"rendered":"<p>Predio La Providencia &#8211; Bv. Pechu\u00e1n Mar\u00ednHorarios de visita:La visita se realiza con gu\u00eda del parque.Tel: El parque de casi dos hect\u00e1reas de extensi\u00f3n, representa la figura de un denario recostado sobre el suelo transerrano.La cruz formada por los senderos principales de adoquines, tiene una extensi\u00f3n de 100 metros. En el centro, se encuentra un inmenso pilar con la imagen del Santo. Cada uno de las cuentas del denario funciona como una estaci\u00f3n cerrada, de 80 metros cuadrado donde se vivencia los principales momentos de la vida, obra y milagros [&hellip;]<\/p>\n","protected":false},"author":1,"featured_media":0,"parent":0,"menu_order":0,"comment_status":"closed","ping_status":"closed","template":"","meta":{"footnotes":""},"class_list":["post-5018","page","type-page","status-publish","hentry"],"_links":{"self":[{"href":"https:\/\/villacurabrochero.gov.ar\/turista\/wp-json\/wp\/v2\/pages\/5018","targetHints":{"allow":["GET"]}}],"collection":[{"href":"https:\/\/villacurabrochero.gov.ar\/turista\/wp-json\/wp\/v2\/pages"}],"about":[{"href":"https:\/\/villacurabrochero.gov.ar\/turista\/wp-json\/wp\/v2\/types\/page"}],"author":[{"embeddable":true,"href":"https:\/\/villacurabrochero.gov.ar\/turista\/wp-json\/wp\/v2\/users\/1"}],"replies":[{"embeddable":true,"href":"https:\/\/villacurabrochero.gov.ar\/turista\/wp-json\/wp\/v2\/comments?post=5018"}],"version-history":[{"count":6,"href":"https:\/\/villacurabrochero.gov.ar\/turista\/wp-json\/wp\/v2\/pages\/5018\/revisions"}],"predecessor-version":[{"id":5466,"href":"https:\/\/villacurabrochero.gov.ar\/turista\/wp-json\/wp\/v2\/pages\/5018\/revisions\/5466"}],"wp:attachment":[{"href":"https:\/\/villacurabrochero.gov.ar\/turista\/wp-json\/wp\/v2\/media?parent=5018"}],"curies":[{"name":"wp","href":"https:\/\/api.w.org\/{rel}","templated":true}]}}