{"id":5279,"date":"2021-10-16T12:51:07","date_gmt":"2021-10-16T15:51:07","guid":{"rendered":"https:\/\/villacurabrochero.gov.ar\/turista\/?page_id=5279"},"modified":"2022-06-25T21:02:39","modified_gmt":"2022-06-26T00:02:39","slug":"eventos","status":"publish","type":"page","link":"https:\/\/villacurabrochero.gov.ar\/turista\/eventos\/","title":{"rendered":"Eventos"},"content":{"rendered":"\n<h2 class=\"wp-block-heading\">Enero<\/h2>\n\n\n\n<p><strong>1 A\u00f1o Nuevo<\/strong><\/p>\n\n\n\n<p><strong>19 al 26 de enero: <\/strong><br>Semana Brocheriana.<\/p>\n\n\n\n<p><strong>26 de enero<\/strong>: <br>Aniversario de fallecimiento del Presb\u00edtero Jos\u00e9 Gabriel Brochero.<br>Semana Brocheriana: \u201cEs una semana de actividades religiosos y culturales, incluye celebraciones religiosas y espect\u00e1culos art\u00edsticos entre los que se destaca el homenaje de Do\u00f1a Jovita, los Cantores de Traslasierra presentando \u201cCanto Brocheriano\u201d y otras actividades. Se conmemora el aniversario del fallecimiento del Cura Brochero.<\/p>\n\n\n\n<p><strong>28 de enero<\/strong>: <br>Edici\u00f3n Gran desaf\u00edo de los gomones.<br>Simp\u00e1tica competencia acu\u00e1tica en el marco de la Costanera del Balneario Los Cedros, organizado por el prestigioso movilero de Cadena 3 Orlando Morales, conjuntamente con la Municipalidad de Villa Cura Brochero. La competencia acu\u00e1tica se vuelve tem\u00e1tica, agreg\u00e1ndole color y humor a la valent\u00eda de los participantes y son premiados con cenas, estad\u00edas, etc. Y espect\u00e1culos en vivo.<\/p>\n\n\n\n<p>.<\/p>\n\n\n\n<h2 class=\"wp-block-heading\">Febrero<\/h2>\n\n\n\n<p><strong>10 \u2013 11 de febrero<\/strong>: <br>XIX\u00b0 Festival del Pastelitero.<br>En la segunda semana de febrero se celebra en la localidad el Festival del Pastelitero en homenaje a los vendedores de pastelitos que forman parte de la identidad de nuestro pueblo. El festival se desarrolla en dos noches con la presencia de numerosos artistas locales y nacionales que acompa\u00f1an la entrega de reconocimientos y premios a los ni\u00f1os pasteliteros. Uno de los eventos m\u00e1s importantes que posee la localidad que consiste en homenajear a las familias pasteliteras, que con su labor brindan identidad al pueblo reafirmando as\u00ed sus costumbres y cultura.<\/p>\n\n\n\n<p><strong>12 \u2013 13 febrero<\/strong>: <br>Carnavales<\/p>\n\n\n\n<p>.<\/p>\n\n\n\n<h2 class=\"wp-block-heading\">Marzo<\/h2>\n\n\n\n<p><strong>8 de marzo<\/strong>: <br>Festejo del Dia de la Mujer<\/p>\n\n\n\n<p><strong>9 al 16 de marzo<\/strong>: <br>Patronales en Honor al Santo Jos\u00e9 Gabriel<br>D\u00eda del Santo Gabriel Brochero<br>El 16 de marzo se recuerda el natalicio del Cura Brochero y quien fuera declarado Santo por el Papa Francisco I, el&nbsp;<strong>16 de octubre del 2016<\/strong>.<\/p>\n\n\n\n<p><strong>15 de marzo<\/strong>: <br>XXII Peregrinaci\u00f3n La Brocheriana (cruce de las Altas Cumbres)<br>Primera quincena Peregrinaci\u00f3n La Brocheriana<br>Corr\u00eda el a\u00f1o 1997 cuando un grupo de hombres queriendo revivir los momentos pasados por el cura gaucho (Jos\u00e9 Gabriel del Rosario Brochero) en su gran obra de evangelizadora, cruzan las imponentes Sierras Grandes desde Brochero hacia C\u00f3rdoba, todo esto sin tomar verdadera conciencia de lo que iba a significar ver las innumerables marcas y obras que el cura gaucho hab\u00eda trazado en los pueblos serranos. Luego de haber atravesado parte de los caminos, se dieron cuenta que no se pod\u00eda dejar de peregrinar, y un grupo de hombres sigui\u00f3 con esta causa, hoy llamada \u201cCabalgata Brocheriana\u201d. Sin imaginar la carga espiritual que se vive al sentirse acompa\u00f1ado en cada momento por el cura gaucho, al cabalgar y retomar fuerzas para seguir. Hoy la organizaci\u00f3n \u201cMovimiento transerranos Senderos del Cura Brochero\u201d supera a\u00f1o a a\u00f1o el n\u00famero de personas, que entre jinetes y caminantes concurren a tan renombrada cabalgata, y de esta manera hacer sentir la presencia del Santo Argentino. Dejando huellas imborrables en los pueblos transerranos que hemos de cruzar.<\/p>\n\n\n\n<p><strong>29 \u2013 30 Semana Santa<\/strong>: <br>V\u00eda Crucis por las calles agrestes del pueblo.<\/p>\n\n\n\n<p>.<\/p>\n\n\n\n<h2 class=\"wp-block-heading\">Abril<\/h2>\n\n\n\n<p><strong>2 de abril<\/strong>: <br>Homenaje a Veteranos de Malvinas.<br>En Argentina, el 2 de abril de cada a\u00f1o se conmemora el D\u00eda del Veterano y de los Ca\u00eddos en la Guerra de Malvinas. Creado por la ley 25370 de noviembre del 2000, desde junio de 2006 es un Feriado Nacional inamovible, por lo cual no podr\u00e1 ser trasladado al lunes anterior o siguiente para conformar un fin de semana largo.1 La elecci\u00f3n de esta fecha se debe a que el 2 de abril de 1982 las Fuerzas Armadas Argentinas desembarcaron en las Islas Malvinas con el objetivo de iniciar la recuperaci\u00f3n de este territorio, arrebatado por fuerzas brit\u00e1nicas desde el a\u00f1o 1833.<\/p>\n\n\n\n<p>.<\/p>\n\n\n\n<h2 class=\"wp-block-heading\">Mayo<\/h2>\n\n\n\n<p><strong>1 de mayo<\/strong>: <br>D\u00eda del Trabajador<\/p>\n\n\n\n<p><strong>25 de mayo<\/strong>: <br>Desfile C\u00edvico \u2013 IV Concurso de Locro.<br>Fiesta del 25 de mayo \u201cDesfile C\u00edvico y Puestos de Comidas T\u00edpicas Populares\u201d Se festeja el d\u00eda de la Patria sobre la Avenida Belgrano, con un desfile c\u00edvico y un gran patio de comidas, espect\u00e1culos en vivo, concurso de locro Brocheriano, entre otras actividades.<\/p>\n\n\n\n<p>.<\/p>\n\n\n\n<h2 class=\"wp-block-heading\">Junio<\/h2>\n\n\n\n<p><strong>20 de junio<\/strong>: <br>D\u00eda de la Bandera, Acto Jura de Lealtad de la Bandera Ni\u00f1os de 4\u00b0 grado.<\/p>\n\n\n\n<p>.<\/p>\n\n\n\n<h2 class=\"wp-block-heading\">Julio<\/h2>\n\n\n\n<p><strong>Del 9 al 20 de julio<\/strong>: <br>Vacaciones Invernales \u2013 Cine Infantil \u2013 Actividades recreativas en Espacio Deportivo y Recreativo Municipal.<br>Vacaciones de Invierno \u201cCine Infantil en el Centro Cultural Honorio Bustos\u201d.<br>La Direcci\u00f3n de Cultura lleva a cabo en el Centro Cultural Honorio Bustos, la proyecci\u00f3n del Cine Infantil y Merienda para los ni\u00f1os.<\/p>\n\n\n\n<p>.<\/p>\n\n\n\n<h2 class=\"wp-block-heading\">Agosto<\/h2>\n\n\n\n<p><strong>Del 6 al 14 de agosto<\/strong>: <br>Novena Patronal.<\/p>\n\n\n\n<p><strong>15 de agosto<\/strong>: <br>Fiesta Patronal Virgen Nuestra Se\u00f1ora del Tr\u00e1nsito.<br>Se realiza en honor a la patrona del pueblo la Virgen Nuestra Se\u00f1ora del Tr\u00e1nsito. Para esta fecha se destacan las celebraciones religiosas, las que incluyen el Rosario del Aurora donde los feligreses se concentran a las 6 am en el Santuario Nuestra Sra. el Transito y peregrinan por las calles hacia las capillas de los distintos barrios del pueblo. Durante la tarde y noche se celebran las misas de los ni\u00f1os y de los ancianos en el Santuario. Culmina est\u00e1 fiesta el d\u00eda 15 con la recepci\u00f3n de los santos de los pueblos vecinos, y la procesi\u00f3n en la cual se lleva a la virgen por las calles principales de Villa Cura Brochero.<\/p>\n\n\n\n<p><strong>17 de agosto<\/strong>: <br>Conmemoraci\u00f3n del aniversario de la Muerte del Gral. Jos\u00e9 de San Martin.<\/p>\n\n\n\n<p><strong>18 de agosto<\/strong>: <br>Aniversario del Centro Cultural Honorio H. Bustos. El 18 de agosto se celebra el aniversario del Centro Cultural Honorio Humberto Bustos.<\/p>\n\n\n\n<p><strong>3\u00b0 domingo<\/strong>: <br>Festejo del Dia del Ni\u00f1o. La Direcci\u00f3n de Deportes y Recreaci\u00f3n organiza la Fiesta del D\u00eda del Ni\u00f1o, en Barrio Trencito, Barrio Cortadero y Espacio Deportivo y Recreativo Municipal, con diversas actividades y sorteos.<\/p>\n\n\n\n<p>.<\/p>\n\n\n\n<h2 class=\"wp-block-heading\">Septiembre<\/h2>\n\n\n\n<p><strong>8 de Septiembre<\/strong>: <br>Los Caminos De Brochero.<br>La segunda semana de septiembre, se lleva a cabo la caminata por \u201clos Caminos de Brochero\u201d partiendo del Paraje Giulio Cesare por el antiguo camino de las Altas Cumbres hasta la localidad de Villa Cura Brochero. Pidiendo y agradeciendo por las intenciones particulares de cada uno de los Peregrinos.<\/p>\n\n\n\n<p><strong>14 de septiembre<\/strong>: <br>Aniversario de la Beatificaci\u00f3n de Jos\u00e9 Gabriel Brochero.<\/p>\n\n\n\n<p><strong>29 de septiembre<\/strong>: <br>Fecha Fundacional de Villa del Tr\u00e1nsito. (hoy Villa Cura Brochero) Se celebra el aniversario de la fundaci\u00f3n de Villa del Tr\u00e1nsito.<br>Semana del Senderismo declarada de Inter\u00e9s Nacional.<\/p>\n\n\n\n<p>.<\/p>\n\n\n\n<h2 class=\"wp-block-heading\">Octubre<\/h2>\n\n\n\n<p><strong>16 de octubre<\/strong>: <br>Aniversario de la Canonizaci\u00f3n de San Jos\u00e9 Gabriel Brochero. Se celebra y agradece el d\u00eda en que Jos\u00e9 Gabriel del Rosario Brochero fuera declarado desde la Santa Sede por el Papa Francisco I, con el mayor de los Canon, Santo. Los actos religiosos se llevan a cabo en el Predio la Providencia, en la nueva capilla San Jos\u00e9 Gabriel.<br>II Cabalgata de la Fe uniendo Santa Rosa de Rio Primero con Villa Cura Brochero. En 2017 se realizo la primera cabalgata en Agradecimiento uniendo la ciudad Natal de San Jos\u00e9 Gabriel Brochero, Santa Rosa de Rio Primero y nuestra Localidad Villa Cura Brochero.<\/p>\n\n\n\n<p>.<\/p>\n\n\n\n<h2 class=\"wp-block-heading\">Noviembre<\/h2>\n\n\n\n<p><strong>10 de noviembre<\/strong>: <br>Festejo Dia de la Tradici\u00f3n.<br>El d\u00eda de la tradici\u00f3n se celebra en la Argentina el 10 de noviembre, fecha que fue elegida en conmemoraci\u00f3n del nacimiento del poeta argentino Jos\u00e9 Hern\u00e1ndez (1834 \u2013 1886), que escribi\u00f3 El gaucho Mart\u00edn Fierro, relato en forma de verso de la experiencia de un gaucho argentino, su estilo de vida, sus costumbres, su lengua y c\u00f3digos de honor.<br><br><strong>Acto de Cierre de los Talleres del Centro Cultural H. Bustos<\/strong>.<br>Se realiza en el Centro Cultural Honorio Humberto Bustos, el acto de cierre de los Talleres y Cursos que se llevan a cabo durante todo el a\u00f1o. La misma es organizada por la Direcci\u00f3n de Cultura.<\/p>\n\n\n\n<p>.<\/p>\n\n\n\n<h2 class=\"wp-block-heading\">Diciembre<\/h2>\n\n\n\n<p><strong>8 de diciembre<\/strong>: <br>Dia de la Virgen.<br>Apertura de Temporada Tur\u00edstica. Evento donde se expone al p\u00fablico presente la nueva imagen y perfil tur\u00edstico del pueblo, con im\u00e1genes y films publicitarios, acompa\u00f1ados por eventos art\u00edsticos-musicales. Se da la bienvenida a todos los visitantes presentes y a los potenciales turistas.<br>Sabores de Traslasierra. Feria de comidas t\u00edpicas donde los productores gastron\u00f3micos de Villa Cura Brochero y sus alrededores exponen sus especialidades.<br>Concurso del Arbolito de Navidad. Este consiste en unir a los vecinos de los distintos barrios de nuestra villa para construir un \u00e1rbol navide\u00f1o con materiales reciclados en las plazas y\/o plazoletas de los respectivos barrios de nuestra localidad.<\/p>\n","protected":false},"excerpt":{"rendered":"<p>Enero 1 A\u00f1o Nuevo 19 al 26 de enero: Semana Brocheriana. 26 de enero: Aniversario de fallecimiento del Presb\u00edtero Jos\u00e9 Gabriel Brochero.Semana Brocheriana: \u201cEs una semana de actividades religiosos y culturales, incluye celebraciones religiosas y espect\u00e1culos art\u00edsticos entre los que se destaca el homenaje de Do\u00f1a Jovita, los Cantores de Traslasierra presentando \u201cCanto Brocheriano\u201d y otras actividades. Se conmemora el aniversario del fallecimiento del Cura Brochero. 28 de enero: Edici\u00f3n Gran desaf\u00edo de los gomones.Simp\u00e1tica competencia acu\u00e1tica en el marco de la Costanera del Balneario Los Cedros, organizado por el [&hellip;]<\/p>\n","protected":false},"author":1,"featured_media":0,"parent":0,"menu_order":0,"comment_status":"closed","ping_status":"closed","template":"","meta":{"footnotes":""},"class_list":["post-5279","page","type-page","status-publish","hentry"],"_links":{"self":[{"href":"https:\/\/villacurabrochero.gov.ar\/turista\/wp-json\/wp\/v2\/pages\/5279","targetHints":{"allow":["GET"]}}],"collection":[{"href":"https:\/\/villacurabrochero.gov.ar\/turista\/wp-json\/wp\/v2\/pages"}],"about":[{"href":"https:\/\/villacurabrochero.gov.ar\/turista\/wp-json\/wp\/v2\/types\/page"}],"author":[{"embeddable":true,"href":"https:\/\/villacurabrochero.gov.ar\/turista\/wp-json\/wp\/v2\/users\/1"}],"replies":[{"embeddable":true,"href":"https:\/\/villacurabrochero.gov.ar\/turista\/wp-json\/wp\/v2\/comments?post=5279"}],"version-history":[{"count":3,"href":"https:\/\/villacurabrochero.gov.ar\/turista\/wp-json\/wp\/v2\/pages\/5279\/revisions"}],"predecessor-version":[{"id":5991,"href":"https:\/\/villacurabrochero.gov.ar\/turista\/wp-json\/wp\/v2\/pages\/5279\/revisions\/5991"}],"wp:attachment":[{"href":"https:\/\/villacurabrochero.gov.ar\/turista\/wp-json\/wp\/v2\/media?parent=5279"}],"curies":[{"name":"wp","href":"https:\/\/api.w.org\/{rel}","templated":true}]}}